{"id":6773,"date":"2022-03-18T01:43:09","date_gmt":"2022-03-18T01:43:09","guid":{"rendered":"https:\/\/divilux.pt\/politique-confidentialite\/"},"modified":"2022-05-10T13:56:28","modified_gmt":"2022-05-10T12:56:28","slug":"politique-confidentialite","status":"publish","type":"page","link":"https:\/\/divilux.pt\/fr\/politique-confidentialite\/","title":{"rendered":"Politique de Confidentialit\u00e9"},"content":{"rendered":"\n<div class=\"wp-block-columns is-layout-flex wp-container-core-columns-is-layout-1 wp-block-columns-is-layout-flex\">\n<div class=\"wp-block-column is-layout-flow wp-block-column-is-layout-flow\" style=\"flex-basis:25%\"><\/div>\n\n\n\n<div class=\"wp-block-column is-layout-flow wp-block-column-is-layout-flow\" style=\"flex-basis:50%\">\n<h3 class=\"wp-block-heading\" id=\"ambito-da-nossa-politica-de-privacidade\">Champ d&#8217;application de notre politique de confidentialit\u00e9<\/h3>\n\n\n\n<p>Divilux \u2013 Divis\u00e3o de Espa\u00e7o, Lda applique cette politique de confidentialit\u00e9 \u00e0 son site Web, en respectant la confidentialit\u00e9 de toutes les donn\u00e9es personnelles collect\u00e9es aupr\u00e8s de ses utilisateurs. Gr\u00e2ce \u00e0 cette politique, vous pouvez d\u00e9couvrir comment ils sont collect\u00e9s, trait\u00e9s et utilis\u00e9s.<\/p>\n\n\n\n<p><span style=\"font-weight: 400;\">divilux\u00ae<\/span> se r\u00e9serve le droit de mettre \u00e0 jour sa politique de confidentialit\u00e9 \u00e0 tout moment.<br\/>Nous vous informons que vos donn\u00e9es ne seront utilis\u00e9es \u00e0 aucune autre fin que celles mentionn\u00e9es ci-dessous.<\/p>\n\n\n\n<div style=\"height:32px\" aria-hidden=\"true\" class=\"wp-block-spacer\"><\/div>\n\n\n\n<h3 class=\"wp-block-heading\" id=\"responsavel-pelo-tratamento-dos-dados-pessoais\">Responsable du traitement des donn\u00e9es personnelles<\/h3>\n\n\n\n<p>L&#8217;entit\u00e9 responsable du traitement des donn\u00e9es personnelles est Divilux \u2013 Divis\u00e3o de Espa\u00e7o, Lda, avec NIPC 502273763 et dont le si\u00e8ge est \u00e0 Zona Industrial Giesteira 3750-309 \u00c1GUEDA, qui d\u00e9termine le but et les moyens de traitement de la m\u00eame chose.<br\/>Pour plus d&#8217;informations et clarifications \u00e0 ce sujet, vous pouvez nous contacter via l&#8217;adresse email divilux@divilux.pt.<\/p>\n\n\n\n<div style=\"height:32px\" aria-hidden=\"true\" class=\"wp-block-spacer\"><\/div>\n\n\n\n<h3 class=\"wp-block-heading\" id=\"quando-e-como-recolhemos-os-dados-pessoais\">Quand et comment nous collectons des donn\u00e9es personnelles<\/h3>\n\n\n\n<p>Vos donn\u00e9es sont collect\u00e9es lorsque vous consentez \u00e0 vous abonner \u00e0 notre newsletter en ligne, sur notre site Internet.<\/p>\n\n\n\n<div style=\"height:32px\" aria-hidden=\"true\" class=\"wp-block-spacer\"><\/div>\n\n\n\n<h3 class=\"wp-block-heading\" id=\"finalidades-do-tratamento\">Finalit\u00e9 du traitement<\/h3>\n\n\n\n<p>Les donn\u00e9es collect\u00e9es sont trait\u00e9es dans le but de d\u00e9velopper des relations contractuelles, de diffuser des informations commerciales sur nos produits, services et campagnes, et ne sont pas utilis\u00e9es en dehors de ce p\u00e9rim\u00e8tre.<\/p>\n\n\n\n<p>Vos donn\u00e9es personnelles ne seront pas utilis\u00e9es \u00e0 des fins autres que celles d\u00e9crites dans la pr\u00e9sente politique de confidentialit\u00e9, sans information pr\u00e9alable de votre part ou, le cas \u00e9ch\u00e9ant, obtention de votre consentement.<\/p>\n\n\n\n<p>Les bases juridiques qui l\u00e9gitiment le traitement de vos donn\u00e9es personnelles par <span style=\"font-weight: 400;\">divilux\u00ae<\/span> sont les suivantes:<\/p>\n\n\n\n<p>a) Consentement en vous abonnant \u00e0 notre newsletter;<br\/>b) Les donn\u00e9es personnelles sont n\u00e9cessaires \u00e0 l&#8217;ex\u00e9cution d&#8217;un contrat;<br\/>c) Les donn\u00e9es personnelles sont n\u00e9cessaires pour se conformer \u00e0 une obligation l\u00e9gale \u00e0 laquelle <span style=\"font-weight: 400;\">divilux\u00ae<\/span> est soumis;<br\/>d) Les donn\u00e9es personnelles sont n\u00e9cessaires aux fins des int\u00e9r\u00eats l\u00e9gitimes poursuivis par <span style=\"font-weight: 400;\">divilux\u00ae<\/span>, \u00e0 condition qu&#8217;elles pr\u00e9valent sur les int\u00e9r\u00eats ou droits, libert\u00e9s et garanties de la personne concern\u00e9e.<\/p>\n\n\n\n<div style=\"height:32px\" aria-hidden=\"true\" class=\"wp-block-spacer\"><\/div>\n\n\n\n<h3 class=\"wp-block-heading\" id=\"tempo-de-conservacao-dos-dados-pessoais\">Dur\u00e9e de conservation des donn\u00e9es personnelles<\/h3>\n\n\n\n<p>Vos donn\u00e9es seront collect\u00e9es et conserv\u00e9es pendant la p\u00e9riode jug\u00e9e n\u00e9cessaire \u00e0 l&#8217;accomplissement des finalit\u00e9s pr\u00e9vues, jusqu&#8217;\u00e0 l&#8217;annulation de votre abonnement \u00e0 la newsletter ou jusqu&#8217;\u00e0 ce que <span style=\"font-weight: 400;\">divilux\u00ae<\/span> ne juge pas pertinent de les conserver dans sa base de donn\u00e9es.<\/p>\n\n\n\n<div style=\"height:32px\" aria-hidden=\"true\" class=\"wp-block-spacer\"><\/div>\n\n\n\n<h3 class=\"wp-block-heading\" id=\"quem-tem-acesso-aos-dados\">Qui a acc\u00e8s aux donn\u00e9es<\/h3>\n\n\n\n<p>Vos donn\u00e9es n&#8217;ont acc\u00e8s qu&#8217;\u00e0 <span style=\"font-weight: 400;\">divilux\u00ae<\/span>, sauf lorsque votre consentement vous est demand\u00e9 ou lorsque celui-ci est tenu de respecter des obligations l\u00e9gales.<\/p>\n\n\n\n<div style=\"height:32px\" aria-hidden=\"true\" class=\"wp-block-spacer\"><\/div>\n\n\n\n<h3 class=\"wp-block-heading\" id=\"onde-sao-guardados-os-dados\">O\u00f9 les donn\u00e9es sont stock\u00e9es<\/h3>\n\n\n\n<p>Vos donn\u00e9es sont stock\u00e9es sur des serveurs <span style=\"font-weight: 400;\">divilux\u00ae<\/span>, situ\u00e9s dans l&#8217;Union europ\u00e9enne et qui sont des m\u00e9canismes de s\u00e9curit\u00e9 et de protection garantis afin de garantir le respect des lois applicables en mati\u00e8re de confidentialit\u00e9.<\/p>\n\n\n\n<div style=\"height:32px\" aria-hidden=\"true\" class=\"wp-block-spacer\"><\/div>\n\n\n\n<h3 class=\"wp-block-heading\" id=\"direitos-do-titular-dos-dados\">Droits de la personne concern\u00e9e<\/h3>\n\n\n\n<p>Conform\u00e9ment aux dispositions du R\u00e8glement G\u00e9n\u00e9ral sur la Protection des Donn\u00e9es, vous avez le droit de demander \u00e0 <span style=\"font-weight: 400;\">divilux\u00ae<\/span> l&#8217;acc\u00e8s \u00e0 vos donn\u00e9es personnelles, ainsi que leur rectification, effacement, limitation du traitement qui concerne la personne concern\u00e9e ou son droit de s&#8217;opposer au traitement, comme ainsi que le droit \u00e0 la portabilit\u00e9 des donn\u00e9es et le droit de retirer son consentement \u00e0 tout moment, sans compromettre la lic\u00e9it\u00e9 du traitement effectu\u00e9 sur la base du consentement pr\u00e9alablement donn\u00e9. Vous avez \u00e9galement le droit de d\u00e9poser une r\u00e9clamation aupr\u00e8s d&#8217;une autorit\u00e9 de contr\u00f4le (CNPD &#8211; Comiss\u00e3o Nacional de Prote\u00e7\u00e3o de Dados). Dans le cas o\u00f9 vous avez l&#8217;intention d&#8217;exercer l&#8217;un de vos droits ou simplement demander des informations, vous devez transmettre votre demande \u00e0 l&#8217;adresse \u00e9lectronique divilux@divilux.pt.<\/p>\n\n\n\n<p>En cas de violation de vos donn\u00e9es personnelles, vous en serez inform\u00e9.<\/p>\n\n\n\n<p>Pour <span style=\"font-weight: 400;\">divilux\u00ae<\/span>, il s&#8217;agit d&#8217;une question tr\u00e8s importante et, en cons\u00e9quence, nous avons pris des mesures internes pour assurer la confidentialit\u00e9 et la s\u00e9curit\u00e9 de vos donn\u00e9es personnelles.<\/p>\n\n\n\n<p>Votre vie priv\u00e9e est tr\u00e8s importante pour nous!<\/p>\n\n\n\n<p>Date de derni\u00e8re mise \u00e0 jour : 05\/10\/2022<\/p>\n\n\n\n<div style=\"height:32px\" aria-hidden=\"true\" class=\"wp-block-spacer\"><\/div>\n\n\n\n<p><strong>Cookies<\/strong><\/p>\n\n\n\n<p>Veuillez acc\u00e9der \u00e0 la <a href=\"https:\/\/divilux.pt\/fr\/politique-de-cookies\/\"><span style=\"text-decoration: underline;\">page d\u00e9di\u00e9e aux cookies<\/span><\/a>.<\/p>\n<\/div>\n\n\n\n<div class=\"wp-block-column is-layout-flow wp-block-column-is-layout-flow\" style=\"flex-basis:25%\"><\/div>\n<\/div>\n\n<div style=\"height:100px\" aria-hidden=\"true\" class=\"wp-block-spacer\"><\/div>\n\n<p><\/p>\n","protected":false},"excerpt":{"rendered":"<p>Champ d&#8217;application de notre politique de confidentialit\u00e9 Divilux \u2013 Divis\u00e3o de Espa\u00e7o, Lda applique cette politique de confidentialit\u00e9 \u00e0 son site Web, en respectant la confidentialit\u00e9 de toutes les donn\u00e9es personnelles collect\u00e9es aupr\u00e8s de ses utilisateurs. Gr\u00e2ce \u00e0 cette politique, vous pouvez d\u00e9couvrir comment ils&#8230;<\/p>\n","protected":false},"author":1,"featured_media":0,"parent":0,"menu_order":0,"comment_status":"closed","ping_status":"closed","template":"","meta":{"_seopress_robots_primary_cat":"0","_seopress_titles_title":"","_seopress_titles_desc":"","_seopress_robots_index":"yes","footnotes":""},"class_list":["post-6773","page","type-page","status-publish","hentry"],"_links":{"self":[{"href":"https:\/\/divilux.pt\/fr\/wp-json\/wp\/v2\/pages\/6773","targetHints":{"allow":["GET"]}}],"collection":[{"href":"https:\/\/divilux.pt\/fr\/wp-json\/wp\/v2\/pages"}],"about":[{"href":"https:\/\/divilux.pt\/fr\/wp-json\/wp\/v2\/types\/page"}],"author":[{"embeddable":true,"href":"https:\/\/divilux.pt\/fr\/wp-json\/wp\/v2\/users\/1"}],"replies":[{"embeddable":true,"href":"https:\/\/divilux.pt\/fr\/wp-json\/wp\/v2\/comments?post=6773"}],"version-history":[{"count":2,"href":"https:\/\/divilux.pt\/fr\/wp-json\/wp\/v2\/pages\/6773\/revisions"}],"predecessor-version":[{"id":7251,"href":"https:\/\/divilux.pt\/fr\/wp-json\/wp\/v2\/pages\/6773\/revisions\/7251"}],"wp:attachment":[{"href":"https:\/\/divilux.pt\/fr\/wp-json\/wp\/v2\/media?parent=6773"}],"curies":[{"name":"wp","href":"https:\/\/api.w.org\/{rel}","templated":true}]}}